{"id":198,"date":"2020-10-19T17:41:51","date_gmt":"2020-10-19T15:41:51","guid":{"rendered":"http:\/\/elsimco.com\/sf87002\/?page_id=198"},"modified":"2026-03-02T17:02:52","modified_gmt":"2026-03-02T16:02:52","slug":"formation","status":"publish","type":"page","link":"http:\/\/elsimco.com\/sf87002\/index.php\/formation\/","title":{"rendered":"Formation"},"content":{"rendered":"\t\t<div data-elementor-type=\"wp-page\" data-elementor-id=\"198\" class=\"elementor elementor-198\">\n\t\t\t\t\t\t<section class=\"elementor-section elementor-top-section elementor-element elementor-element-c629bfa elementor-section-boxed elementor-section-height-default elementor-section-height-default\" data-id=\"c629bfa\" data-element_type=\"section\" data-e-type=\"section\">\n\t\t\t\t\t\t<div class=\"elementor-container elementor-column-gap-default\">\n\t\t\t\t\t<div class=\"elementor-column elementor-col-100 elementor-top-column elementor-element elementor-element-4e45ddf\" data-id=\"4e45ddf\" data-element_type=\"column\" data-e-type=\"column\">\n\t\t\t<div class=\"elementor-widget-wrap elementor-element-populated\">\n\t\t\t\t\t\t<div class=\"elementor-element elementor-element-2f1f0d6 elementor-widget__width-initial elementor-widget elementor-widget-text-editor\" data-id=\"2f1f0d6\" data-element_type=\"widget\" data-e-type=\"widget\" data-widget_type=\"text-editor.default\">\n\t\t\t\t<div class=\"elementor-widget-container\">\n\t\t\t\t\t\t\t\t\t<p><strong>CONSEIL<\/strong><\/p>\n<p><!-- \/wp:paragraph --><!-- wp:paragraph --><\/p>\n<p>Notre offre de conseil s\u2019articule autour de la G.P.E.C : La Gestion Pr\u00e9visionnelle des Emplois et des Comp\u00e9tences qui permet \u00e0 l\u2019entreprise d\u2019anticiper les \u00e9volutions socio-\u00e9conomiques, technologiques ou organisationnelles et d\u2019adapter les comp\u00e9tences des salari\u00e9s pour faire face \u00e0 ces \u00e9volutions.<\/p>\n<p><!-- \/wp:paragraph --><!-- wp:paragraph --><\/p>\n<p>Nous proposons de vous accompagner dans cette d\u00e9marche consistant \u00e0 r\u00e9aliser un diagnostic complet de vos m\u00e9tiers et des comp\u00e9tences d\u00e9tenues par les salari\u00e9s, ainsi que des outils d\u00e9j\u00e0 utilis\u00e9s dans le cadre de la gestion des ressources humaines. En fonction de votre strat\u00e9gie (moyen et long terme) et du contexte, une projection des emplois et comp\u00e9tences futures sera r\u00e9alis\u00e9e afin de mesurer les \u00e9carts avec l\u2019existant.<\/p>\n<p><!-- \/wp:paragraph --><!-- wp:paragraph --><\/p>\t\t\t\t\t\t\t\t<\/div>\n\t\t\t\t<\/div>\n\t\t\t\t\t<\/div>\n\t\t<\/div>\n\t\t\t\t\t<\/div>\n\t\t<\/section>\n\t\t\t\t<section class=\"elementor-section elementor-top-section elementor-element elementor-element-40d9df0 elementor-section-boxed elementor-section-height-default elementor-section-height-default\" data-id=\"40d9df0\" data-element_type=\"section\" data-e-type=\"section\">\n\t\t\t\t\t\t<div class=\"elementor-container elementor-column-gap-default\">\n\t\t\t\t\t<div class=\"elementor-column elementor-col-100 elementor-top-column elementor-element elementor-element-1f558dc\" data-id=\"1f558dc\" data-element_type=\"column\" data-e-type=\"column\">\n\t\t\t<div class=\"elementor-widget-wrap elementor-element-populated\">\n\t\t\t\t\t\t<div class=\"elementor-element elementor-element-c03a07b elementor-widget elementor-widget-text-editor\" data-id=\"c03a07b\" data-element_type=\"widget\" data-e-type=\"widget\" data-widget_type=\"text-editor.default\">\n\t\t\t\t<div class=\"elementor-widget-container\">\n\t\t\t\t\t\t\t\t\t<p><strong>FORMATION RHINOCEROS\u00a9 3D AVANCE \/ Programme 2025<\/strong><\/p>\n<p><!-- \/wp:paragraph --><!-- wp:paragraph --><\/p>\n<p><!-- \/wp:paragraph --><!-- wp:paragraph --><\/p>\n<p><strong>Description de la formation<\/strong> Le but de cette formation est de donner \u00e0 l&rsquo;utilisateur une base solide permettant de travailler dans un environnement 2D\/3D Rhinoc\u00e9ros, avec la formation un support est fourni ainsi que des exercices d&rsquo;applications.<\/p>\n<p><!-- \/wp:paragraph --><!-- wp:paragraph --><\/p>\n<p><strong>Pr\u00e9requis<\/strong><\/p>\n<p><!-- \/wp:paragraph --><!-- wp:list --><\/p>\n<ul>\n<li style=\"list-style-type: none;\">\n<ul><!-- wp:list-item --><\/ul>\n<\/li>\n<\/ul>\n<ul>\n<li style=\"list-style-type: none;\">\n<ul>\n<li>Connaissance de base du logiciel Rhino3D ou exp\u00e9rience en mod\u00e9lisation 3D<\/li>\n<\/ul>\n<\/li>\n<\/ul>\n<p><!-- \/wp:list-item --><\/p>\n<p><!-- \/wp:list --><!-- wp:paragraph {\"textColor\":\"black\"} --><\/p>\n<p><span style=\"font-weight: bolder; color: #7a7a7a;\">Objectifs<\/span><\/p>\n<p><!-- \/wp:paragraph --><!-- wp:list --><\/p>\n<ul>\n<li style=\"list-style-type: none;\">\n<ul><!-- wp:list-item --><\/ul>\n<\/li>\n<\/ul>\n<ul>\n<li style=\"list-style-type: none;\">\n<ul>\n<li>Atteindre une autonomie compl\u00e8te dans la r\u00e9alisation de projets 3D<\/li>\n<\/ul>\n<\/li>\n<\/ul>\n<p><!-- \/wp:list-item --><!-- wp:list-item --><\/p>\n<ul>\n<li style=\"list-style-type: none;\">\n<ul>\n<li>Ma\u00eetriser la mod\u00e9lisation de formes g\u00e9om\u00e9triques pr\u00e9cises et de formes organiques complexes<\/li>\n<\/ul>\n<\/li>\n<\/ul>\n<p><!-- \/wp:list-item --><\/p>\n<p><!-- \/wp:list --><!-- wp:paragraph --><\/p>\n<p><strong>Dur\u00e9e<\/strong><\/p>\n<p><!-- \/wp:paragraph --><!-- wp:list --><\/p>\n<ul>\n<li style=\"list-style-type: none;\">\n<ul><!-- wp:list-item --><\/ul>\n<\/li>\n<\/ul>\n<ul>\n<li style=\"list-style-type: none;\">\n<ul>\n<li>16 heures (ou plus selon cahier des charges) <strong><em>|<\/em><\/strong> Formation en Pr\u00e9sentiel<\/li>\n<\/ul>\n<\/li>\n<\/ul>\n<p><!-- \/wp:list-item --><\/p>\n<p><!-- \/wp:list --><!-- wp:paragraph --><\/p>\n<p><strong>Modalit\u00e9s et d\u00e9lais d\u2019acc\u00e8s<\/strong><\/p>\n<p><!-- \/wp:paragraph --><!-- wp:list --><\/p>\n<ul>\n<li style=\"list-style-type: none;\">\n<ul><!-- wp:list-item --><\/ul>\n<\/li>\n<\/ul>\n<ul>\n<li style=\"list-style-type: none;\">\n<ul>\n<li>\n<p>Convocation de formation \/ R\u00e8glement int\u00e9rieur envoy\u00e9s 2 semaines avant le d\u00e9but de la formation<\/p>\n<\/li>\n<li>\n<p>Feuille d\u2019\u00e9margement par demi-journ\u00e9e de pr\u00e9sence<\/p>\n<\/li>\n<li>\n<p>Fiche d\u2019\u00e9valuation de formation \u00e0 chaud \u00e0 l\u2019issue de la formation<\/p>\n<\/li>\n<li>\n<p>Certificat de r\u00e9alisation d\u00e9livr\u00e9 \u00e0 l\u2019issue de la formation<\/p>\n<\/li>\n<li>\n<p><span style=\"font-family: Aptos, sans-serif; font-size: 14.6667px;\">Inscription possible jusqu\u2019\u00e0 10 jours avant la session (validation apr\u00e8s signature de la convention)<\/span><\/p>\n<\/li>\n<\/ul>\n<\/li>\n<\/ul>\n<p><!-- \/wp:list-item --><\/p>\n<p><!-- \/wp:list --><!-- wp:paragraph --><\/p>\n<p><strong>Tarifs<\/strong><\/p>\n<p><!-- \/wp:paragraph --><!-- wp:list --><\/p>\n<ul>\n<li style=\"list-style-type: none;\">\n<ul><!-- wp:list-item --><\/ul>\n<\/li>\n<\/ul>\n<ul>\n<li style=\"list-style-type: none;\">\n<ul>\n<li>1500 \u20ac HT (ajustable sur devis)<\/li>\n<\/ul>\n<\/li>\n<\/ul>\t\t\t\t\t\t\t\t<\/div>\n\t\t\t\t<\/div>\n\t\t\t\t\t<\/div>\n\t\t<\/div>\n\t\t\t\t\t<\/div>\n\t\t<\/section>\n\t\t\t\t<section class=\"elementor-section elementor-top-section elementor-element elementor-element-e4e892b elementor-section-boxed elementor-section-height-default elementor-section-height-default\" data-id=\"e4e892b\" data-element_type=\"section\" data-e-type=\"section\">\n\t\t\t\t\t\t<div class=\"elementor-container elementor-column-gap-default\">\n\t\t\t\t\t<div class=\"elementor-column elementor-col-100 elementor-top-column elementor-element elementor-element-d1a41e3\" data-id=\"d1a41e3\" data-element_type=\"column\" data-e-type=\"column\">\n\t\t\t<div class=\"elementor-widget-wrap elementor-element-populated\">\n\t\t\t\t\t\t<div class=\"elementor-element elementor-element-c4b497a elementor-widget elementor-widget-text-editor\" data-id=\"c4b497a\" data-element_type=\"widget\" data-e-type=\"widget\" data-widget_type=\"text-editor.default\">\n\t\t\t\t<div class=\"elementor-widget-container\">\n\t\t\t\t\t\t\t\t\t<p><strong>M\u00e9thodes mobilis\u00e9es et modalit\u00e9s d\u2019\u00e9valuation<\/strong><\/p>\n<p><!-- \/wp:paragraph --><!-- wp:list --><\/p>\n<ul>\n<li style=\"list-style-type: none;\">\n<ul><!-- wp:list-item --><\/ul>\n<\/li>\n<\/ul>\n<ul>\n<li style=\"list-style-type: none;\">\n<ul>\n<li>Formation en pr\u00e9sentiel, alternant apports th\u00e9oriques et mises en pratique sur le logiciel Rhino3D \u2013 derni\u00e8re version (R8)<\/li>\n<\/ul>\n<\/li>\n<\/ul>\n<p><!-- \/wp:list-item --><!-- wp:list-item --><\/p>\n<ul>\n<li style=\"list-style-type: none;\">\n<ul>\n<li>Exercices d\u2019\u00e9valuation \/ QCM en cours de parcours<\/li>\n<\/ul>\n<\/li>\n<\/ul>\n<p><!-- \/wp:list-item --><!-- wp:list-item --><\/p>\n<ul>\n<li style=\"list-style-type: none;\">\n<ul>\n<li>Feuille d\u2019\u00e9margement<\/li>\n<\/ul>\n<\/li>\n<\/ul>\n<p><!-- \/wp:list-item --><!-- wp:list-item --><\/p>\n<ul>\n<li style=\"list-style-type: none;\">\n<ul>\n<li>Certificat de r\u00e9alisation d\u00e9livr\u00e9s \u00e0 l\u2019issue de la formation<\/li>\n<\/ul>\n<\/li>\n<\/ul>\n<p><!-- \/wp:list-item --><!-- wp:list-item --><\/p>\n<ul>\n<li style=\"list-style-type: none;\">\n<ul>\n<li>Fiche d\u2019\u00e9valuation de formation \u00e0 chaud \u00e0 l\u2019issue de la formation<\/li>\n<\/ul>\n<\/li>\n<\/ul>\n<p><!-- \/wp:list-item --><\/p>\n<p><!-- \/wp:list --><!-- wp:paragraph --><\/p>\n<p><strong>Handicap et accessibilit\u00e9\u00a0<\/strong><em><br \/><\/em><\/p>\n<p class=\"MsoNormal\">Conformes \u00e0 l\u2019ensemble des normes d\u2019accessibilit\u00e9, nos locaux et nos dispositifs d\u2019accueil sont am\u00e9nag\u00e9s pour garantir les meilleures conditions aux personnes en situation de handicap, quels que soient leurs besoins sp\u00e9cifiques.<\/p>\n<p class=\"MsoNormal\">Nous mettons en place des actions et \u00e9quipements destin\u00e9s \u00e0 favoriser l\u2019inclusion de tous, notamment :<\/p>\n<ul style=\"margin-top: 0cm;\" type=\"disc\">\n<li class=\"MsoNormal\">Des am\u00e9nagements permettant l\u2019acc\u00e8s aux personnes \u00e0 mobilit\u00e9 r\u00e9duite (places<br \/>de parking r\u00e9serv\u00e9es, ascenseur, couloirs \u00e9largis, sanitaires adapt\u00e9s).<\/li>\n<li class=\"MsoNormal\">Un environnement facilitant l\u2019accueil des personnes pr\u00e9sentant des handicaps<br \/>sensoriels (visuels ou auditifs), avec la possibilit\u00e9 de mettre en place des supports adapt\u00e9s sur demande.<\/li>\n<li class=\"MsoNormal\">Une prise en compte des besoins des personnes ayant des troubles cognitifs ou<br \/>psychiques, gr\u00e2ce \u00e0 un accompagnement individualis\u00e9 et une adaptation des<br \/>modalit\u00e9s p\u00e9dagogiques lorsque cela est n\u00e9cessaire.<\/li>\n<li class=\"MsoNormal\">Une entr\u00e9e s\u00e9curis\u00e9e et automatis\u00e9e durant les heures d\u2019ouverture pour<br \/>faciliter l\u2019acc\u00e8s \u00e0 tous.<\/li>\n<\/ul>\n<p class=\"MsoNormal\">Pour toute question ou demande d\u2019adaptation, notre r\u00e9f\u00e9rente handicap, Mme Majoline EUGENIO, est disponible pour informer, orienter et accompagner chaque apprenant :\u00a0<a title=\"mailto:majoline.domingos@elsimco.com\" href=\"mailto:majoline.domingos@elsimco.com\"><i>majoline.domingos@elsimco.com<\/i><\/a><i style=\"background-color: transparent;\">\u00a0\/\u00a0<\/i><i style=\"background-color: transparent;\">01 80 38 30 71.<\/i><\/p>\n<ul>\n<li style=\"list-style-type: none;\">\n<ul>\n<li>100 % de nos participants sont satisfaits de la formation<\/li>\n<li>Taux de r\u00e9ussite de nos participants : 98 %<\/li>\n<\/ul>\n<\/li>\n<\/ul>\n<p><!-- \/wp:list-item --><\/p>\n<p><!-- \/wp:list --><!-- wp:paragraph --><\/p>\n<p><em>D\u00e9claration d&rsquo;activit\u00e9 enregistr\u00e9e sous le num\u00e9ro <\/em><em>11757243375<\/em><em> aupr\u00e8s du pr\u00e9fet de<\/em> <em>r\u00e9gion d<\/em><em>\u2019Ile-de-France.<\/em><\/p>\n<p><!-- \/wp:paragraph --><!-- wp:paragraph {\"textColor\":\"black\"} --><\/p>\n<p><strong>CENTRES DE FORMATION<\/strong><\/p>\n<p><!-- \/wp:paragraph --><!-- wp:gallery {\"linkTo\":\"none\"} --><\/p>\n<figure><!-- wp:image {\"id\":213,\"sizeSlug\":\"large\",\"linkDestination\":\"none\",\"className\":\"is-style-default\"} -->\n<p>\u00a0<\/p>\n<figure><img decoding=\"async\" src=\"http:\/\/elsimco.com\/sf87002\/wp-content\/uploads\/2020\/10\/Bureau-2.png\" alt=\"\" \/><\/figure>\n<p><!-- \/wp:image --><\/p>\n<\/figure>\n<p><!-- \/wp:gallery --><!-- wp:paragraph --><\/p>\n<p><a href=\"http:\/\/elsimco.com\/sf87002\/index.php\/informations-legales\/\">&#8211; Consultez-nous pour obtenir les programmes d\u00e9taill\u00e9s et les informations pratiques \u2013<\/a><\/p>\t\t\t\t\t\t\t\t<\/div>\n\t\t\t\t<\/div>\n\t\t\t\t\t<\/div>\n\t\t<\/div>\n\t\t\t\t\t<\/div>\n\t\t<\/section>\n\t\t\t\t<section class=\"elementor-section elementor-top-section elementor-element elementor-element-33eacee7 elementor-section-boxed elementor-section-height-default elementor-section-height-default\" data-id=\"33eacee7\" data-element_type=\"section\" data-e-type=\"section\">\n\t\t\t\t\t\t<div class=\"elementor-container elementor-column-gap-default\">\n\t\t\t\t\t<div class=\"elementor-column elementor-col-100 elementor-top-column elementor-element elementor-element-27bf5740\" data-id=\"27bf5740\" data-element_type=\"column\" data-e-type=\"column\">\n\t\t\t<div class=\"elementor-widget-wrap elementor-element-populated\">\n\t\t\t\t\t\t<div class=\"elementor-element elementor-element-581dae07 elementor-widget elementor-widget-text-editor\" data-id=\"581dae07\" data-element_type=\"widget\" data-e-type=\"widget\" data-widget_type=\"text-editor.default\">\n\t\t\t\t<div class=\"elementor-widget-container\">\n\t\t\t\t\t\t\t\t\t<p><strong>Contacts<br \/><\/strong>Responsable formation \/ R\u00e9f\u00e9rente administrative et handicap :<\/p>\n<p><!-- \/wp:paragraph --><!-- wp:list --><\/p>\n<ul>\n<li style=\"list-style-type: none;\">\n<ul><!-- wp:list-item --><\/ul>\n<\/li>\n<\/ul>\n<ul>\n<li style=\"list-style-type: none;\">\n<ul>\n<li>Mme Majoline EUGENIO\u00a0<\/li>\n<\/ul>\n<\/li>\n<\/ul>\n<p><!-- \/wp:list-item --><!-- wp:list-item --><\/p>\n<ul>\n<li style=\"list-style-type: none;\">\n<ul>\n<li>T\u00e9l. fixe\u00a0: 0180383071<\/li>\n<\/ul>\n<\/li>\n<\/ul>\n<p><!-- \/wp:list-item --><\/p>\n<p><!-- \/wp:list --><!-- wp:paragraph --><\/p>\n<p><!-- \/wp:paragraph --><\/p>\t\t\t\t\t\t\t\t<\/div>\n\t\t\t\t<\/div>\n\t\t\t\t<div class=\"elementor-element elementor-element-3c94074 elementor-align-center elementor-widget elementor-widget-button\" data-id=\"3c94074\" data-element_type=\"widget\" data-e-type=\"widget\" data-widget_type=\"button.default\">\n\t\t\t\t<div class=\"elementor-widget-container\">\n\t\t\t\t\t\t\t\t\t<div class=\"elementor-button-wrapper\">\n\t\t\t\t\t<a class=\"elementor-button elementor-button-link elementor-size-sm\" href=\"http:\/\/elsimco.com\/sf87002\/index.php\/formulaire\/\" id=\"Contact Majo\">\n\t\t\t\t\t\t<span class=\"elementor-button-content-wrapper\">\n\t\t\t\t\t\t\t\t\t<span class=\"elementor-button-text\">Demander un devis<\/span>\n\t\t\t\t\t<\/span>\n\t\t\t\t\t<\/a>\n\t\t\t\t<\/div>\n\t\t\t\t\t\t\t\t<\/div>\n\t\t\t\t<\/div>\n\t\t\t\t\t<\/div>\n\t\t<\/div>\n\t\t\t\t\t<\/div>\n\t\t<\/section>\n\t\t\t\t<section class=\"elementor-section elementor-top-section elementor-element elementor-element-1254769 elementor-section-boxed elementor-section-height-default elementor-section-height-default\" data-id=\"1254769\" data-element_type=\"section\" data-e-type=\"section\">\n\t\t\t\t\t\t<div class=\"elementor-container elementor-column-gap-default\">\n\t\t\t\t\t<div class=\"elementor-column elementor-col-100 elementor-top-column elementor-element elementor-element-4580b4d\" data-id=\"4580b4d\" data-element_type=\"column\" data-e-type=\"column\">\n\t\t\t<div class=\"elementor-widget-wrap elementor-element-populated\">\n\t\t\t\t\t\t<div class=\"elementor-element elementor-element-436270b elementor-widget elementor-widget-text-editor\" data-id=\"436270b\" data-element_type=\"widget\" data-e-type=\"widget\" data-widget_type=\"text-editor.default\">\n\t\t\t\t<div class=\"elementor-widget-container\">\n\t\t\t\t\t\t\t\t\t<p><em>Mis \u00e0 jour le 02\/03\/2026<\/em><\/p>\t\t\t\t\t\t\t\t<\/div>\n\t\t\t\t<\/div>\n\t\t\t\t\t<\/div>\n\t\t<\/div>\n\t\t\t\t\t<\/div>\n\t\t<\/section>\n\t\t\t\t<\/div>\n\t\t","protected":false},"excerpt":{"rendered":"<p>CONSEIL Notre offre de conseil s\u2019articule autour de la G.P.E.C : La Gestion Pr\u00e9visionnelle des Emplois et des Comp\u00e9tences qui permet \u00e0 l\u2019entreprise d\u2019anticiper les \u00e9volutions socio-\u00e9conomiques, technologiques ou organisationnelles et d\u2019adapter les comp\u00e9tences des salari\u00e9s pour faire face \u00e0 ces \u00e9volutions. Nous proposons de vous accompagner dans cette d\u00e9marche consistant \u00e0 r\u00e9aliser un diagnostic [&hellip;]<\/p>\n","protected":false},"author":1,"featured_media":0,"parent":0,"menu_order":0,"comment_status":"closed","ping_status":"closed","template":"","meta":{"footnotes":""},"class_list":["post-198","page","type-page","status-publish","hentry"],"_links":{"self":[{"href":"http:\/\/elsimco.com\/sf87002\/index.php\/wp-json\/wp\/v2\/pages\/198","targetHints":{"allow":["GET"]}}],"collection":[{"href":"http:\/\/elsimco.com\/sf87002\/index.php\/wp-json\/wp\/v2\/pages"}],"about":[{"href":"http:\/\/elsimco.com\/sf87002\/index.php\/wp-json\/wp\/v2\/types\/page"}],"author":[{"embeddable":true,"href":"http:\/\/elsimco.com\/sf87002\/index.php\/wp-json\/wp\/v2\/users\/1"}],"replies":[{"embeddable":true,"href":"http:\/\/elsimco.com\/sf87002\/index.php\/wp-json\/wp\/v2\/comments?post=198"}],"version-history":[{"count":63,"href":"http:\/\/elsimco.com\/sf87002\/index.php\/wp-json\/wp\/v2\/pages\/198\/revisions"}],"predecessor-version":[{"id":830,"href":"http:\/\/elsimco.com\/sf87002\/index.php\/wp-json\/wp\/v2\/pages\/198\/revisions\/830"}],"wp:attachment":[{"href":"http:\/\/elsimco.com\/sf87002\/index.php\/wp-json\/wp\/v2\/media?parent=198"}],"curies":[{"name":"wp","href":"https:\/\/api.w.org\/{rel}","templated":true}]}}